{"id":1206,"date":"2021-12-19T04:10:35","date_gmt":"2021-12-19T04:10:35","guid":{"rendered":"https:\/\/beawichreif.com\/?post_type=product&#038;p=1206"},"modified":"2022-07-05T10:04:04","modified_gmt":"2022-07-05T10:04:04","slug":"becher-kleine-vase-aus-porzellan-dekor-waben-gelb","status":"publish","type":"product","link":"https:\/\/beawichreif.com\/?product=becher-kleine-vase-aus-porzellan-dekor-waben-gelb","title":{"rendered":"Becher \/\/ kleine Vase aus Porzellan Bisquit mit orangem, gl\u00e4nzendem Reliefmuster 019"},"content":{"rendered":"<p>Klassische Form trifft Veredelungs-Unikat.<\/p>\n<p>Gefertigt aus hochwertigem Porzellan \u201eMade in Franken\u201c sammelt diese kleine Vase Schreibzeug im Home Office, h\u00e4lt Zahnb\u00fcrsten im Badezimmer oder versorgt Schnittblumen mit Wasser. Sie kann auch als Trinkgef\u00e4\u00df genutzt werden.<\/p>\n<p>Die ca. 9,5 cm hohe Vase wurde in Handarbeit gegossen und in einem aufwendigen Glasurverfahren veredelt.<\/p>\n<p>Das Zusammenspiel der wei\u00df-matten Porzellanoberfl\u00e4che mit dem kr\u00e4ftig orange-gl\u00e4nzenden Glasurmuster ist \u2013 selbst, wenn man es wollte \u2013 nicht nachahmbar. Es handelt sich um ein schwer herzustellendes Unikat.<\/p>\n<p><strong><span style=\"color: #ff6600;\">ACHTUNG:<\/span><\/strong> Das Glasurmuster ist an wenigen Stellen nicht perfekt (s. Fotos). Es gibt z. B. am oberen Ende einen kleinen Schnitt im Glasurbild. Dieser ist nicht im Inneren vorhanden, das hei\u00dft die Funktion der Vase \/ des Bechers ist dadurch nicht beeintr\u00e4chtigt. F\u00fcr mich, die hauptberuflich m\u00f6glichst perfekt identische Dinge vertritt, sind die von mir hergestellten Dinge f\u00fcr Bea Wich-Reif Design der gr\u00f6\u00dftm\u00f6gliche Spagat. Dieses Produkt ist f\u00fcr Leute, die unperfekte Dinge lieben. Eine Kundin meinte, dass sie genau solche Dinge mag, weil ihnen ein &#8222;Zauber&#8220; inne wohnt. Das fand ich sehr sch\u00f6n.<\/p>\n<p>Die Blumen dienen ausschlie\u00dflich zu Demonstrationszwecken. Ihr erwerbt nur die Vase.<\/p>\n","protected":false},"excerpt":{"rendered":"<p>Klassische Form trifft Veredelungs-Unikat. Gefertigt aus hochwertigem Porzellan \u201eMade in Franken\u201c sammelt diese kleine Vase Schreibzeug im Home Office, h\u00e4lt Zahnb\u00fcrsten im Badezimmer oder versorgt Schnittblumen mit Wasser. Sie kann auch als Trinkgef\u00e4\u00df genutzt werden. Die ca. 9,5 cm hohe Vase wurde in Handarbeit gegossen und in einem aufwendigen Glasurverfahren veredelt. Das Zusammenspiel der wei\u00df-matten [&hellip;]<\/p>\n","protected":false},"featured_media":1959,"template":"","meta":{"ocean_post_layout":"","ocean_both_sidebars_style":"","ocean_both_sidebars_content_width":0,"ocean_both_sidebars_sidebars_width":0,"ocean_sidebar":"0","ocean_second_sidebar":"0","ocean_disable_margins":"enable","ocean_add_body_class":"","ocean_shortcode_before_top_bar":"","ocean_shortcode_after_top_bar":"","ocean_shortcode_before_header":"","ocean_shortcode_after_header":"","ocean_has_shortcode":"","ocean_shortcode_after_title":"","ocean_shortcode_before_footer_widgets":"","ocean_shortcode_after_footer_widgets":"","ocean_shortcode_before_footer_bottom":"","ocean_shortcode_after_footer_bottom":"","ocean_display_top_bar":"default","ocean_display_header":"default","ocean_header_style":"","ocean_center_header_left_menu":"0","ocean_custom_header_template":"0","ocean_custom_logo":0,"ocean_custom_retina_logo":0,"ocean_custom_logo_max_width":0,"ocean_custom_logo_tablet_max_width":0,"ocean_custom_logo_mobile_max_width":0,"ocean_custom_logo_max_height":0,"ocean_custom_logo_tablet_max_height":0,"ocean_custom_logo_mobile_max_height":0,"ocean_header_custom_menu":"0","ocean_menu_typo_font_family":"0","ocean_menu_typo_font_subset":"","ocean_menu_typo_font_size":0,"ocean_menu_typo_font_size_tablet":0,"ocean_menu_typo_font_size_mobile":0,"ocean_menu_typo_font_size_unit":"px","ocean_menu_typo_font_weight":"","ocean_menu_typo_font_weight_tablet":"","ocean_menu_typo_font_weight_mobile":"","ocean_menu_typo_transform":"","ocean_menu_typo_transform_tablet":"","ocean_menu_typo_transform_mobile":"","ocean_menu_typo_line_height":0,"ocean_menu_typo_line_height_tablet":0,"ocean_menu_typo_line_height_mobile":0,"ocean_menu_typo_line_height_unit":"","ocean_menu_typo_spacing":0,"ocean_menu_typo_spacing_tablet":0,"ocean_menu_typo_spacing_mobile":0,"ocean_menu_typo_spacing_unit":"","ocean_menu_link_color":"","ocean_menu_link_color_hover":"","ocean_menu_link_color_active":"","ocean_menu_link_background":"","ocean_menu_link_hover_background":"","ocean_menu_link_active_background":"","ocean_menu_social_links_bg":"","ocean_menu_social_hover_links_bg":"","ocean_menu_social_links_color":"","ocean_menu_social_hover_links_color":"","ocean_disable_title":"default","ocean_disable_heading":"default","ocean_post_title":"","ocean_post_subheading":"","ocean_post_title_style":"","ocean_post_title_background_color":"","ocean_post_title_background":0,"ocean_post_title_bg_image_position":"","ocean_post_title_bg_image_attachment":"","ocean_post_title_bg_image_repeat":"","ocean_post_title_bg_image_size":"","ocean_post_title_height":0,"ocean_post_title_bg_overlay":0.5,"ocean_post_title_bg_overlay_color":"","ocean_disable_breadcrumbs":"default","ocean_breadcrumbs_color":"","ocean_breadcrumbs_separator_color":"","ocean_breadcrumbs_links_color":"","ocean_breadcrumbs_links_hover_color":"","ocean_display_footer_widgets":"default","ocean_display_footer_bottom":"default","ocean_custom_footer_template":"0"},"product_brand":[],"product_cat":[51],"product_tag":[],"class_list":{"0":"post-1206","1":"product","2":"type-product","3":"status-publish","4":"has-post-thumbnail","6":"product_cat-becher-vase","8":"entry","9":"has-media","11":"first","12":"instock","13":"shipping-taxable","14":"purchasable","15":"product-type-simple","16":"has-product-nav","17":"col","18":"span_1_of_3","19":"owp-content-center","20":"owp-thumbs-layout-horizontal","21":"owp-btn-normal","22":"owp-tabs-layout-horizontal"},"yoast_head":"<!-- This site is optimized with the Yoast SEO plugin v26.9 - https:\/\/yoast.com\/product\/yoast-seo-wordpress\/ -->\n<title>Becher \/\/ kleine Vase aus Porzellan Bisquit mit orangem, gl\u00e4nzendem Reliefmuster 019 - Beate Wich-Reif Industrial Designer<\/title>\n<meta name=\"robots\" content=\"index, follow, max-snippet:-1, max-image-preview:large, max-video-preview:-1\" \/>\n<link rel=\"canonical\" href=\"https:\/\/beawichreif.com\/?product=becher-kleine-vase-aus-porzellan-dekor-waben-gelb\" \/>\n<meta property=\"og:locale\" content=\"de_DE\" \/>\n<meta property=\"og:type\" content=\"article\" \/>\n<meta property=\"og:title\" content=\"Becher \/\/ kleine Vase aus Porzellan Bisquit mit orangem, gl\u00e4nzendem Reliefmuster 019 - Beate Wich-Reif Industrial Designer\" \/>\n<meta property=\"og:description\" content=\"Klassische Form trifft Veredelungs-Unikat. Gefertigt aus hochwertigem Porzellan \u201eMade in Franken\u201c sammelt diese kleine Vase Schreibzeug im Home Office, h\u00e4lt Zahnb\u00fcrsten im Badezimmer oder versorgt Schnittblumen mit Wasser. Sie kann auch als Trinkgef\u00e4\u00df genutzt werden. Die ca. 9,5 cm hohe Vase wurde in Handarbeit gegossen und in einem aufwendigen Glasurverfahren veredelt. Das Zusammenspiel der wei\u00df-matten [&hellip;]\" \/>\n<meta property=\"og:url\" content=\"https:\/\/beawichreif.com\/?product=becher-kleine-vase-aus-porzellan-dekor-waben-gelb\" \/>\n<meta property=\"og:site_name\" content=\"Beate Wich-Reif Industrial Designer\" \/>\n<meta property=\"article:modified_time\" content=\"2022-07-05T10:04:04+00:00\" \/>\n<meta property=\"og:image\" content=\"https:\/\/beawichreif.com\/wp-content\/uploads\/2022\/07\/Becher_orange_ulla_2.jpg\" \/>\n\t<meta property=\"og:image:width\" content=\"800\" \/>\n\t<meta property=\"og:image:height\" content=\"800\" \/>\n\t<meta property=\"og:image:type\" content=\"image\/jpeg\" \/>\n<meta name=\"twitter:card\" content=\"summary_large_image\" \/>\n<meta name=\"twitter:label1\" content=\"Gesch\u00e4tzte Lesezeit\" \/>\n\t<meta name=\"twitter:data1\" content=\"1\u00a0Minute\" \/>\n<script type=\"application\/ld+json\" class=\"yoast-schema-graph\">{\"@context\":\"https:\/\/schema.org\",\"@graph\":[{\"@type\":\"WebPage\",\"@id\":\"https:\/\/beawichreif.com\/?product=becher-kleine-vase-aus-porzellan-dekor-waben-gelb\",\"url\":\"https:\/\/beawichreif.com\/?product=becher-kleine-vase-aus-porzellan-dekor-waben-gelb\",\"name\":\"Becher \/\/ kleine Vase aus Porzellan Bisquit mit orangem, gl\u00e4nzendem Reliefmuster 019 - Beate Wich-Reif Industrial Designer\",\"isPartOf\":{\"@id\":\"https:\/\/beawichreif.com\/#website\"},\"primaryImageOfPage\":{\"@id\":\"https:\/\/beawichreif.com\/?product=becher-kleine-vase-aus-porzellan-dekor-waben-gelb#primaryimage\"},\"image\":{\"@id\":\"https:\/\/beawichreif.com\/?product=becher-kleine-vase-aus-porzellan-dekor-waben-gelb#primaryimage\"},\"thumbnailUrl\":\"https:\/\/beawichreif.com\/wp-content\/uploads\/2022\/07\/Becher_orange_ulla_2.jpg\",\"datePublished\":\"2021-12-19T04:10:35+00:00\",\"dateModified\":\"2022-07-05T10:04:04+00:00\",\"breadcrumb\":{\"@id\":\"https:\/\/beawichreif.com\/?product=becher-kleine-vase-aus-porzellan-dekor-waben-gelb#breadcrumb\"},\"inLanguage\":\"de\",\"potentialAction\":[{\"@type\":\"ReadAction\",\"target\":[\"https:\/\/beawichreif.com\/?product=becher-kleine-vase-aus-porzellan-dekor-waben-gelb\"]}]},{\"@type\":\"ImageObject\",\"inLanguage\":\"de\",\"@id\":\"https:\/\/beawichreif.com\/?product=becher-kleine-vase-aus-porzellan-dekor-waben-gelb#primaryimage\",\"url\":\"https:\/\/beawichreif.com\/wp-content\/uploads\/2022\/07\/Becher_orange_ulla_2.jpg\",\"contentUrl\":\"https:\/\/beawichreif.com\/wp-content\/uploads\/2022\/07\/Becher_orange_ulla_2.jpg\",\"width\":800,\"height\":800},{\"@type\":\"BreadcrumbList\",\"@id\":\"https:\/\/beawichreif.com\/?product=becher-kleine-vase-aus-porzellan-dekor-waben-gelb#breadcrumb\",\"itemListElement\":[{\"@type\":\"ListItem\",\"position\":1,\"name\":\"Startseite\",\"item\":\"https:\/\/beawichreif.com\/\"},{\"@type\":\"ListItem\",\"position\":2,\"name\":\"Porzellan Design Shop. Gespenster und mehr\",\"item\":\"https:\/\/beawichreif.com\/\"},{\"@type\":\"ListItem\",\"position\":3,\"name\":\"Becher \/\/ kleine Vase aus Porzellan Bisquit mit orangem, gl\u00e4nzendem Reliefmuster 019\"}]},{\"@type\":\"WebSite\",\"@id\":\"https:\/\/beawichreif.com\/#website\",\"url\":\"https:\/\/beawichreif.com\/\",\"name\":\"Beate Wich-Reif Industrial Designer\",\"description\":\"Porzellan-Objekte\",\"potentialAction\":[{\"@type\":\"SearchAction\",\"target\":{\"@type\":\"EntryPoint\",\"urlTemplate\":\"https:\/\/beawichreif.com\/?s={search_term_string}\"},\"query-input\":{\"@type\":\"PropertyValueSpecification\",\"valueRequired\":true,\"valueName\":\"search_term_string\"}}],\"inLanguage\":\"de\"}]}<\/script>\n<!-- \/ Yoast SEO plugin. -->","yoast_head_json":{"title":"Becher \/\/ kleine Vase aus Porzellan Bisquit mit orangem, gl\u00e4nzendem Reliefmuster 019 - Beate Wich-Reif Industrial Designer","robots":{"index":"index","follow":"follow","max-snippet":"max-snippet:-1","max-image-preview":"max-image-preview:large","max-video-preview":"max-video-preview:-1"},"canonical":"https:\/\/beawichreif.com\/?product=becher-kleine-vase-aus-porzellan-dekor-waben-gelb","og_locale":"de_DE","og_type":"article","og_title":"Becher \/\/ kleine Vase aus Porzellan Bisquit mit orangem, gl\u00e4nzendem Reliefmuster 019 - Beate Wich-Reif Industrial Designer","og_description":"Klassische Form trifft Veredelungs-Unikat. Gefertigt aus hochwertigem Porzellan \u201eMade in Franken\u201c sammelt diese kleine Vase Schreibzeug im Home Office, h\u00e4lt Zahnb\u00fcrsten im Badezimmer oder versorgt Schnittblumen mit Wasser. Sie kann auch als Trinkgef\u00e4\u00df genutzt werden. Die ca. 9,5 cm hohe Vase wurde in Handarbeit gegossen und in einem aufwendigen Glasurverfahren veredelt. Das Zusammenspiel der wei\u00df-matten [&hellip;]","og_url":"https:\/\/beawichreif.com\/?product=becher-kleine-vase-aus-porzellan-dekor-waben-gelb","og_site_name":"Beate Wich-Reif Industrial Designer","article_modified_time":"2022-07-05T10:04:04+00:00","og_image":[{"width":800,"height":800,"url":"https:\/\/beawichreif.com\/wp-content\/uploads\/2022\/07\/Becher_orange_ulla_2.jpg","type":"image\/jpeg"}],"twitter_card":"summary_large_image","twitter_misc":{"Gesch\u00e4tzte Lesezeit":"1\u00a0Minute"},"schema":{"@context":"https:\/\/schema.org","@graph":[{"@type":"WebPage","@id":"https:\/\/beawichreif.com\/?product=becher-kleine-vase-aus-porzellan-dekor-waben-gelb","url":"https:\/\/beawichreif.com\/?product=becher-kleine-vase-aus-porzellan-dekor-waben-gelb","name":"Becher \/\/ kleine Vase aus Porzellan Bisquit mit orangem, gl\u00e4nzendem Reliefmuster 019 - Beate Wich-Reif Industrial Designer","isPartOf":{"@id":"https:\/\/beawichreif.com\/#website"},"primaryImageOfPage":{"@id":"https:\/\/beawichreif.com\/?product=becher-kleine-vase-aus-porzellan-dekor-waben-gelb#primaryimage"},"image":{"@id":"https:\/\/beawichreif.com\/?product=becher-kleine-vase-aus-porzellan-dekor-waben-gelb#primaryimage"},"thumbnailUrl":"https:\/\/beawichreif.com\/wp-content\/uploads\/2022\/07\/Becher_orange_ulla_2.jpg","datePublished":"2021-12-19T04:10:35+00:00","dateModified":"2022-07-05T10:04:04+00:00","breadcrumb":{"@id":"https:\/\/beawichreif.com\/?product=becher-kleine-vase-aus-porzellan-dekor-waben-gelb#breadcrumb"},"inLanguage":"de","potentialAction":[{"@type":"ReadAction","target":["https:\/\/beawichreif.com\/?product=becher-kleine-vase-aus-porzellan-dekor-waben-gelb"]}]},{"@type":"ImageObject","inLanguage":"de","@id":"https:\/\/beawichreif.com\/?product=becher-kleine-vase-aus-porzellan-dekor-waben-gelb#primaryimage","url":"https:\/\/beawichreif.com\/wp-content\/uploads\/2022\/07\/Becher_orange_ulla_2.jpg","contentUrl":"https:\/\/beawichreif.com\/wp-content\/uploads\/2022\/07\/Becher_orange_ulla_2.jpg","width":800,"height":800},{"@type":"BreadcrumbList","@id":"https:\/\/beawichreif.com\/?product=becher-kleine-vase-aus-porzellan-dekor-waben-gelb#breadcrumb","itemListElement":[{"@type":"ListItem","position":1,"name":"Startseite","item":"https:\/\/beawichreif.com\/"},{"@type":"ListItem","position":2,"name":"Porzellan Design Shop. Gespenster und mehr","item":"https:\/\/beawichreif.com\/"},{"@type":"ListItem","position":3,"name":"Becher \/\/ kleine Vase aus Porzellan Bisquit mit orangem, gl\u00e4nzendem Reliefmuster 019"}]},{"@type":"WebSite","@id":"https:\/\/beawichreif.com\/#website","url":"https:\/\/beawichreif.com\/","name":"Beate Wich-Reif Industrial Designer","description":"Porzellan-Objekte","potentialAction":[{"@type":"SearchAction","target":{"@type":"EntryPoint","urlTemplate":"https:\/\/beawichreif.com\/?s={search_term_string}"},"query-input":{"@type":"PropertyValueSpecification","valueRequired":true,"valueName":"search_term_string"}}],"inLanguage":"de"}]}},"_links":{"self":[{"href":"https:\/\/beawichreif.com\/index.php?rest_route=\/wp\/v2\/product\/1206","targetHints":{"allow":["GET"]}}],"collection":[{"href":"https:\/\/beawichreif.com\/index.php?rest_route=\/wp\/v2\/product"}],"about":[{"href":"https:\/\/beawichreif.com\/index.php?rest_route=\/wp\/v2\/types\/product"}],"version-history":[{"count":8,"href":"https:\/\/beawichreif.com\/index.php?rest_route=\/wp\/v2\/product\/1206\/revisions"}],"predecessor-version":[{"id":1968,"href":"https:\/\/beawichreif.com\/index.php?rest_route=\/wp\/v2\/product\/1206\/revisions\/1968"}],"wp:featuredmedia":[{"embeddable":true,"href":"https:\/\/beawichreif.com\/index.php?rest_route=\/wp\/v2\/media\/1959"}],"wp:attachment":[{"href":"https:\/\/beawichreif.com\/index.php?rest_route=%2Fwp%2Fv2%2Fmedia&parent=1206"}],"wp:term":[{"taxonomy":"product_brand","embeddable":true,"href":"https:\/\/beawichreif.com\/index.php?rest_route=%2Fwp%2Fv2%2Fproduct_brand&post=1206"},{"taxonomy":"product_cat","embeddable":true,"href":"https:\/\/beawichreif.com\/index.php?rest_route=%2Fwp%2Fv2%2Fproduct_cat&post=1206"},{"taxonomy":"product_tag","embeddable":true,"href":"https:\/\/beawichreif.com\/index.php?rest_route=%2Fwp%2Fv2%2Fproduct_tag&post=1206"}],"curies":[{"name":"wp","href":"https:\/\/api.w.org\/{rel}","templated":true}]}}